{"id":181,"date":"2018-04-26T09:21:36","date_gmt":"2018-04-26T07:21:36","guid":{"rendered":"http:\/\/www.straniknj.cz\/?page_id=181"},"modified":"2025-01-14T10:31:17","modified_gmt":"2025-01-14T09:31:17","slug":"o-obci","status":"publish","type":"page","link":"https:\/\/www.straniknj.cz\/?page_id=181","title":{"rendered":"O obci"},"content":{"rendered":"\n<div class=\"wp-block-uagb-container uagb-block-8e900e2a alignfull uagb-is-root-container\"><div class=\"uagb-container-inner-blocks-wrap\">\n<div class=\"wp-block-uagb-advanced-heading uagb-block-eae04d3f\"><div class=\"uagb-separator\"><\/div><h1 class=\"uagb-heading-text\">O Stran\u00edku<\/h1><\/div>\n<\/div><\/div>\n\n\n\n<div class=\"wp-block-uagb-container uagb-block-dkagkrbn alignfull uagb-is-root-container\"><div class=\"uagb-container-inner-blocks-wrap\">\n<div class=\"wp-block-uagb-container uagb-block-5ti8hcam\">\n<div class=\"wp-block-uagb-info-box uagb-block-fonpaubh uagb-infobox__content-wrap  uagb-infobox-icon-above-title uagb-infobox-image-valign-top wp-block-uagb-info-box--has-margin\"><div class=\"uagb-infobox-margin-wrapper\"><div class=\"uagb-ifb-content\"><div class=\"uagb-ifb-title-wrap\"><h2 class=\"uagb-ifb-title\">P\u0159\u00edroda<\/h2><\/div><p class=\"uagb-ifb-desc\">Charakteristick\u00e9 jsou pro n\u011bj m\u00edrn\u00e9 kopce, zalesn\u011bn\u00e9 oblasti a \u00fadol\u00ed potok\u016f. Krajina je ide\u00e1ln\u00ed pro p\u011b\u0161\u00ed turistiku, cyklistiku a relaxaci v p\u0159\u00edrod\u011b. V bl\u00edzkosti se nach\u00e1z\u00ed p\u0159\u00edrodn\u00ed pam\u00e1tka Pol\u0161t\u00e1\u0159ov\u00e9 l\u00e1vy ve Stran\u00edku, kter\u00e1 p\u0159edstavuje unik\u00e1tn\u00ed geologick\u00fd \u00fatvar tvo\u0159en\u00fd vyv\u0159elinami t\u011b\u0161initov\u00e9 struktury. Tato lokalita je cenn\u00e1 z hlediska geologie a p\u0159\u00edrodov\u011bdy.<\/p><\/div><\/div><\/div>\n\n\n\n<div class=\"wp-block-uagb-image alignleft uagb-block-z4pfqngu wp-block-uagb-image--layout-default wp-block-uagb-image--effect-static wp-block-uagb-image--align-left\"><figure class=\"wp-block-uagb-image__figure\"><img loading=\"lazy\" decoding=\"async\" srcset=\"https:\/\/www.straniknj.cz\/wp-content\/uploads\/2025\/01\/20230827_133821-1024x577.jpg ,https:\/\/www.straniknj.cz\/wp-content\/uploads\/2025\/01\/20230827_133821-scaled.jpg 780w, https:\/\/www.straniknj.cz\/wp-content\/uploads\/2025\/01\/20230827_133821-scaled.jpg 360w\" sizes=\"auto, (max-width: 480px) 150px\" src=\"https:\/\/www.straniknj.cz\/wp-content\/uploads\/2025\/01\/20230827_133821-1024x577.jpg\" alt=\"\" class=\"uag-image-1038\" width=\"564\" height=\"376\" title=\"20230827_133821\" loading=\"lazy\" role=\"img\"\/><\/figure><\/div>\n\n\n\n<div class=\"wp-block-uagb-info-box uagb-block-twmscoo8 uagb-infobox__content-wrap  uagb-infobox-icon-above-title uagb-infobox-image-valign-top\"><div class=\"uagb-ifb-content\"><div class=\"uagb-ifb-title-wrap\"><h3 class=\"uagb-ifb-title\">Pam\u00e1tky<\/h3><\/div><p class=\"uagb-ifb-desc\">Pol\u0161t\u00e1\u0159ov\u00e9 l\u00e1vy vznikaj\u00ed p\u0159i podmo\u0159sk\u00fdch v\u00fdlevech na strm\u00fdch svaz\u00edch, kdy se l\u00e1va tekouc\u00ed po svahu roztrh\u00e1 na \u010d\u00e1sti, kter\u00e9 se pak hromad\u00ed p\u0159i \u00fapat\u00ed svahu. Skalka pod kapli\u010dkou p\u0159edstavuje posledn\u00ed uk\u00e1zku z forem podmo\u0159sk\u00e9 sope\u010dn\u00e9 \u010dinnosti ve spodn\u00ed k\u0159\u00edd\u011b. Jsou zde odkryty pol\u0161t\u00e1\u0159ov\u00e9 l\u00e1vy spodnok\u0159\u00eddov\u00e9 t\u011b\u0161\u00ednitov\u00e9 asociace slezsk\u00e9 jednotky. Jsou tvo\u0159eny \u201ebochn\u00edkovit\u00fdmi\u201c \u00fatr\u017eky l\u00e1v tzv. olivinick\u00e9ho diabasu a\u017e diabasov\u00e9ho pikritu. Okraje blok\u016f, kter\u00e9 tvo\u0159\u00ed tzv. limburgity, se hr\u00e1\u0161kovit\u011b rozpadaj\u00ed. Jednotliv\u00e9 bloky jsou tmeleny mlad\u0161\u00ed l\u00e1vou s tufitick\u00fdm materi\u00e1lem (sope\u010dn\u00fd p\u00edsek a prach). Tato l\u00e1va je \u010dasto rozlo\u017een\u00e1 druhotn\u00fdmi pochody a zna\u010dn\u011b karbonitizov\u00e1na (prosycena uhli\u010ditanem v\u00e1penat\u00fdm). <br>Skalka je ojedin\u011bl\u00fdm p\u0159\u00edrodn\u00edm \u00fatvarem na \u00fazem\u00ed \u010cesk\u00e9 republiky. Podle z\u00e1kona o ochran\u011b p\u0159\u00edrody a krajiny je cel\u00fd \u00fatvar chr\u00e1n\u011bn jako p\u0159\u00edrodn\u00ed pam\u00e1tka.<br>V minulosti do\u0161lo p\u0159i stavb\u011b dvouramenn\u00e9ho schodi\u0161t\u011b ke kapli\u010dce na temeni skalky k odsek\u00e1n\u00ed okraj\u016f blok\u016f (bochn\u00edk\u016f).<\/p><\/div><\/div>\n<\/div>\n\n\n\n<div class=\"wp-block-uagb-container uagb-block-c4glzj1j\">\n<div class=\"wp-block-uagb-image alignleft uagb-block-hrlszwe5 wp-block-uagb-image--layout-default wp-block-uagb-image--effect-static wp-block-uagb-image--align-left\"><figure class=\"wp-block-uagb-image__figure\"><img loading=\"lazy\" decoding=\"async\" srcset=\"https:\/\/www.straniknj.cz\/wp-content\/uploads\/2025\/01\/20201025_143734-1024x576.jpg ,https:\/\/www.straniknj.cz\/wp-content\/uploads\/2025\/01\/20201025_143734-scaled.jpg 780w, https:\/\/www.straniknj.cz\/wp-content\/uploads\/2025\/01\/20201025_143734-scaled.jpg 360w\" sizes=\"auto, (max-width: 480px) 150px\" src=\"https:\/\/www.straniknj.cz\/wp-content\/uploads\/2025\/01\/20201025_143734-1024x576.jpg\" alt=\"\" class=\"uag-image-1046\" width=\"564\" height=\"376\" title=\"20201025_143734\" loading=\"lazy\" role=\"img\"\/><\/figure><\/div>\n\n\n\n<div class=\"wp-block-uagb-info-box uagb-block-yko8tgbb uagb-infobox__content-wrap  uagb-infobox-icon-above-title uagb-infobox-image-valign-top wp-block-uagb-info-box--has-margin\"><div class=\"uagb-infobox-margin-wrapper\"><div class=\"uagb-ifb-content\"><div class=\"uagb-ifb-title-wrap\"><h3 class=\"uagb-ifb-title\">Poloha<\/h3><\/div><p class=\"uagb-ifb-desc\">Stran\u00edk je dnes sou\u010d\u00e1st\u00ed m\u011bsta Nov\u00fd Ji\u010d\u00edn, nach\u00e1z\u00ed se severoz\u00e1padn\u011b od centra m\u011bsta. D\u00edky t\u00e9to poloze kombinuje klid venkovsk\u00e9ho prost\u0159ed\u00ed s dobrou dostupnost\u00ed m\u011bstsk\u00e9 infrastruktury. V okol\u00ed se nach\u00e1zej\u00ed i dal\u0161\u00ed men\u0161\u00ed obce a vesnice, kter\u00e9 dotv\u00e1\u0159ej\u00ed r\u00e1z krajiny.<\/p><\/div><\/div><\/div>\n\n\n\n<div class=\"wp-block-uagb-image alignleft uagb-block-sigjfabz wp-block-uagb-image--layout-default wp-block-uagb-image--effect-static wp-block-uagb-image--align-left\"><figure class=\"wp-block-uagb-image__figure\"><img loading=\"lazy\" decoding=\"async\" srcset=\"https:\/\/www.straniknj.cz\/wp-content\/uploads\/2025\/01\/20230828_065847-EFFECTS-2-1024x577.jpg ,https:\/\/www.straniknj.cz\/wp-content\/uploads\/2025\/01\/20230828_065847-EFFECTS-2-scaled.jpg 780w, https:\/\/www.straniknj.cz\/wp-content\/uploads\/2025\/01\/20230828_065847-EFFECTS-2-scaled.jpg 360w\" sizes=\"auto, (max-width: 480px) 150px\" src=\"https:\/\/www.straniknj.cz\/wp-content\/uploads\/2025\/01\/20230828_065847-EFFECTS-2-1024x577.jpg\" alt=\"\" class=\"uag-image-1050\" width=\"564\" height=\"376\" title=\"20230828_065847-EFFECTS\" loading=\"lazy\" role=\"img\"\/><\/figure><\/div>\n<\/div>\n<\/div><\/div>\n\n\n\n<div class=\"wp-block-uagb-container uagb-block-eyqntc7u alignfull uagb-is-root-container\"><div class=\"uagb-container-inner-blocks-wrap\">\n<div class=\"wp-block-uagb-container uagb-block-spfskkmj\">\n<div class=\"wp-block-uagb-info-box uagb-block-oudwepsl uagb-infobox__content-wrap  uagb-infobox-icon-above-title uagb-infobox-image-valign-top\"><div class=\"uagb-ifb-content\"><div class=\"uagb-ifb-title-wrap\"><h2 class=\"uagb-ifb-title\">Na\u0161e historie<\/h2><\/div><p class=\"uagb-ifb-desc\">Historie obce sah\u00e1 a\u017e do 15. stolet\u00ed a je spjata se zem\u011bd\u011blstv\u00edm a v\u00fdvojem regionu. P\u0159ipojen\u00ed k Nov\u00e9mu Ji\u010d\u00ednu v roce 1979 znamenalo modernizaci a integraci do m\u011bstsk\u00e9 struktury, p\u0159i\u010dem\u017e si Stran\u00edk zachoval sv\u016fj venkovsk\u00fd r\u00e1z.<\/p><\/div><\/div>\n\n\n\n<div class=\"wp-block-uagb-buttons uagb-buttons__outer-wrap uagb-btn__default-btn uagb-btn-tablet__default-btn uagb-btn-mobile__default-btn uagb-block-sjwna8aa\"><div class=\"uagb-buttons__wrap uagb-buttons-layout-wrap \">\n<div class=\"wp-block-uagb-buttons-child uagb-buttons__outer-wrap uagb-block-rtsuewrd wp-block-button\"><div class=\"uagb-button__wrapper\"><a class=\"uagb-buttons-repeater wp-block-button__link\" aria-label=\"\" href=\"https:\/\/www.straniknj.cz\/?page_id=194\" rel=\"follow noopener\" target=\"_self\" role=\"button\"><div class=\"uagb-button__link\">Zjistit v\u00edce<\/div><\/a><\/div><\/div>\n<\/div><\/div>\n<\/div>\n<\/div><\/div>\n\n\n\n<div class=\"wp-block-uagb-container uagb-block-iim0cxus alignfull uagb-is-root-container\"><div class=\"uagb-container-inner-blocks-wrap\">\n<div class=\"wp-block-uagb-container uagb-block-uxn8ya3a\">\n<div class=\"wp-block-uagb-info-box uagb-block-2yjyqkbx uagb-infobox__content-wrap  uagb-infobox-icon-above-title uagb-infobox-image-valign-top\"><div class=\"uagb-ifb-content\"><div class=\"uagb-ifb-title-wrap\"><h2 class=\"uagb-ifb-title\">Stran\u00edk v \u010d\u00edslech<\/h2><\/div><\/div><\/div>\n\n\n\n<div class=\"wp-block-uagb-info-box uagb-block-v0jkbjcj uagb-infobox__content-wrap  uagb-infobox-icon-above-title uagb-infobox-image-valign-top\"><div class=\"uagb-ifb-content\"><div class=\"uagb-ifb-title-wrap\"><\/div><p class=\"uagb-ifb-desc\">Pro\u010d si nep\u0159edstavit p\u00e1r fakt\u016f o na\u0161\u00ed vesni\u010dce<\/p><\/div><\/div>\n<\/div>\n\n\n\n<div class=\"wp-block-uagb-container uagb-block-03chrknz\">\n<div class=\"wp-block-uagb-info-box uagb-block-oxzpnki0 uagb-infobox__content-wrap  uagb-infobox-icon-above-title uagb-infobox-image-valign-top\"><div class=\"uagb-ifb-content\"><div class=\"uagb-ifb-title-wrap\"><h3 class=\"uagb-ifb-title\">489<\/h3><\/div><p class=\"uagb-ifb-desc\">V malebn\u00e9m a klidn\u00e9m prost\u0159ed\u00ed Stran\u00edku aktu\u00e1ln\u011b p\u0159eb\u00fdv\u00e1 489 obyvatel. <\/p><\/div><\/div>\n\n\n\n<div class=\"wp-block-uagb-info-box uagb-block-r2v2gh4z uagb-infobox__content-wrap  uagb-infobox-icon-above-title uagb-infobox-image-valign-top\"><div class=\"uagb-ifb-content\"><div class=\"uagb-ifb-title-wrap\"><h3 class=\"uagb-ifb-title\">160<\/h3><\/div><p class=\"uagb-ifb-desc\">160, takov\u00fd je po\u010det dom\u016f, kter\u00e9 m\u016f\u017eete aktu\u00e1ln\u011b ve Stran\u00edku naj\u00edt<\/p><\/div><\/div>\n\n\n\n<div class=\"wp-block-uagb-info-box uagb-block-9ivrfoga uagb-infobox__content-wrap  uagb-infobox-icon-above-title uagb-infobox-image-valign-top\"><div class=\"uagb-ifb-content\"><div class=\"uagb-ifb-title-wrap\"><h3 class=\"uagb-ifb-title\">5 km\u00b2<\/h3><\/div><p class=\"uagb-ifb-desc\">Je plocha, kterou aktu\u00e1ln\u011b zab\u00edr\u00e1 a neust\u00e1le se rozr\u016fst\u00e1.<\/p><\/div><\/div>\n<\/div>\n<\/div><\/div>\n\n\n\n<div class=\"wp-block-uagb-container uagb-block-xe4c0pw8 alignfull uagb-is-root-container\"><div class=\"uagb-container-inner-blocks-wrap\">\n<div class=\"wp-block-uagb-info-box uagb-block-kj1jpq67 uagb-infobox__content-wrap  uagb-infobox-icon-above-title uagb-infobox-image-valign-top\"><div class=\"uagb-ifb-content\"><div class=\"uagb-ifb-title-wrap\"><p class=\"uagb-ifb-title-prefix\">Napi\u0161te n\u00e1m<\/p><h2 class=\"uagb-ifb-title\">Ka\u017ed\u00fd n\u00e1zor se po\u010d\u00edt\u00e1<\/h2><\/div><\/div><\/div>\n\n\n\n<div class=\"wp-block-uagb-buttons uagb-buttons__outer-wrap uagb-btn__default-btn uagb-btn-tablet__default-btn uagb-btn-mobile__default-btn uagb-block-tvw3ejki\"><div class=\"uagb-buttons__wrap uagb-buttons-layout-wrap \">\n<div class=\"wp-block-uagb-buttons-child uagb-buttons__outer-wrap uagb-block-egfys2ak wp-block-button\"><div class=\"uagb-button__wrapper\"><a class=\"uagb-buttons-repeater wp-block-button__link\" aria-label=\"\" href=\"https:\/\/www.straniknj.cz\/?page_id=122\" rel=\"follow noopener\" target=\"_self\" role=\"button\"><div class=\"uagb-button__link\">Kontakty<\/div><\/a><\/div><\/div>\n<\/div><\/div>\n<\/div><\/div>\n","protected":false},"excerpt":{"rendered":"<p>O Stran\u00edku<\/p>\n","protected":false},"author":1,"featured_media":0,"parent":0,"menu_order":0,"comment_status":"closed","ping_status":"closed","template":"","meta":{"content-type":"","_uag_custom_page_level_css":"","site-sidebar-layout":"default","site-content-layout":"","ast-site-content-layout":"","site-content-style":"default","site-sidebar-style":"default","ast-global-header-display":"","ast-banner-title-visibility":"","ast-main-header-display":"","ast-hfb-above-header-display":"","ast-hfb-below-header-display":"","ast-hfb-mobile-header-display":"","site-post-title":"disabled","ast-breadcrumbs-content":"","ast-featured-img":"","footer-sml-layout":"","ast-disable-related-posts":"","theme-transparent-header-meta":"","adv-header-id-meta":"","stick-header-meta":"","header-above-stick-meta":"","header-main-stick-meta":"","header-below-stick-meta":"","astra-migrate-meta-layouts":"default","ast-page-background-enabled":"default","ast-page-background-meta":{"desktop":{"background-color":"var(--ast-global-color-4)","background-image":"","background-repeat":"repeat","background-position":"center center","background-size":"auto","background-attachment":"scroll","background-type":"","background-media":"","overlay-type":"","overlay-color":"","overlay-opacity":"","overlay-gradient":""},"tablet":{"background-color":"","background-image":"","background-repeat":"repeat","background-position":"center center","background-size":"auto","background-attachment":"scroll","background-type":"","background-media":"","overlay-type":"","overlay-color":"","overlay-opacity":"","overlay-gradient":""},"mobile":{"background-color":"","background-image":"","background-repeat":"repeat","background-position":"center center","background-size":"auto","background-attachment":"scroll","background-type":"","background-media":"","overlay-type":"","overlay-color":"","overlay-opacity":"","overlay-gradient":""}},"ast-content-background-meta":{"desktop":{"background-color":"var(--ast-global-color-5)","background-image":"","background-repeat":"repeat","background-position":"center center","background-size":"auto","background-attachment":"scroll","background-type":"","background-media":"","overlay-type":"","overlay-color":"","overlay-opacity":"","overlay-gradient":""},"tablet":{"background-color":"var(--ast-global-color-5)","background-image":"","background-repeat":"repeat","background-position":"center center","background-size":"auto","background-attachment":"scroll","background-type":"","background-media":"","overlay-type":"","overlay-color":"","overlay-opacity":"","overlay-gradient":""},"mobile":{"background-color":"var(--ast-global-color-5)","background-image":"","background-repeat":"repeat","background-position":"center center","background-size":"auto","background-attachment":"scroll","background-type":"","background-media":"","overlay-type":"","overlay-color":"","overlay-opacity":"","overlay-gradient":""}},"footnotes":""},"class_list":["post-181","page","type-page","status-publish","hentry"],"uagb_featured_image_src":{"full":false,"thumbnail":false,"medium":false,"medium_large":false,"large":false,"1536x1536":false,"2048x2048":false},"uagb_author_info":{"display_name":"admin","author_link":"https:\/\/www.straniknj.cz\/?author=1"},"uagb_comment_info":0,"uagb_excerpt":"O Stran\u00edku","_links":{"self":[{"href":"https:\/\/www.straniknj.cz\/index.php?rest_route=\/wp\/v2\/pages\/181","targetHints":{"allow":["GET"]}}],"collection":[{"href":"https:\/\/www.straniknj.cz\/index.php?rest_route=\/wp\/v2\/pages"}],"about":[{"href":"https:\/\/www.straniknj.cz\/index.php?rest_route=\/wp\/v2\/types\/page"}],"author":[{"embeddable":true,"href":"https:\/\/www.straniknj.cz\/index.php?rest_route=\/wp\/v2\/users\/1"}],"replies":[{"embeddable":true,"href":"https:\/\/www.straniknj.cz\/index.php?rest_route=%2Fwp%2Fv2%2Fcomments&post=181"}],"version-history":[{"count":8,"href":"https:\/\/www.straniknj.cz\/index.php?rest_route=\/wp\/v2\/pages\/181\/revisions"}],"predecessor-version":[{"id":1164,"href":"https:\/\/www.straniknj.cz\/index.php?rest_route=\/wp\/v2\/pages\/181\/revisions\/1164"}],"wp:attachment":[{"href":"https:\/\/www.straniknj.cz\/index.php?rest_route=%2Fwp%2Fv2%2Fmedia&parent=181"}],"curies":[{"name":"wp","href":"https:\/\/api.w.org\/{rel}","templated":true}]}}